{"id":20,"date":"2023-10-07T11:44:22","date_gmt":"2023-10-07T09:44:22","guid":{"rendered":"https:\/\/labonnenouvelle-valdeleure.fr\/?page_id=20"},"modified":"2024-02-02T10:59:58","modified_gmt":"2024-02-02T09:59:58","slug":"enfants-et-jeunes","status":"publish","type":"page","link":"https:\/\/labonnenouvelle-valdeleure.fr\/index.php\/enfants-et-jeunes\/","title":{"rendered":"Enfants et Jeunes"},"content":{"rendered":"<div  data-label=\"Features\" data-id=\"features--4\" data-export-id=\"features-16-card-bordered\" data-category=\"features\" class=\"features-16-card-bordered content-section content-section-spacing\" id=\"features-4\" style=\"background-color: rgb(245, 250, 253);\"><div  class=\"gridContainer\"> <div  class=\"row text-center\"><div  class=\"section-title-col\" data-type=\"column\"> <h2  class=\"\">Enfants et Jeunes<\/h2> <p  class=\"lead\"><span style=\"font-weight: 700;\" >Laissez les enfants venir \u00e0 moi, &#8230;, car le royaume de Dieu est \u00e0 ceux qui leur ressemblent. \n<br >(Mathieu 19,14)<\/span><\/p><\/div> <\/div> <div  class=\"row spaced-cols center-sm\" data-type=\"row\"> <div  class=\"col-xs-12 col-sm-6 col-md-4\"> <div  class=\"card no-padding bordered y-move\"> <img  decoding=\"async\" class=\"face\" src=\"http:\/\/labonnenouvelle-valdeleure.fr\/wp-content\/uploads\/2023\/10\/cropped-cropped-EveilFoi-1.png\" title=\"EveilFoi\" alt=\"\"> <div  data-type=\"column\" class=\"col-padding-small col-padding-small-xs description-container\"> <h4  class=\"font-500\">Eveil \u00e0 la foi<\/h4> <p  class=\"\">Programme destin\u00e9 aux enfants de 3 \u00e0 6 ans pour les aider \u00e0 d\u00e9couvrir l\u2019amour infini de Dieu.<\/p><\/div> <div  data-type=\"column\" class=\"col-padding-small col-padding-small-xs read-more-container\"><a class=\"read-more\" href=\"#\" target=\"_self\" data-cp-link=\"1\" rel=\"noopener\">PLUS<\/a><\/div> <\/div><\/div> <div  class=\"col-xs-12 col-sm-6 col-md-4\"><div  class=\"card no-padding bordered y-move\"> <img  decoding=\"async\" class=\"face\" src=\"http:\/\/labonnenouvelle-valdeleure.fr\/wp-content\/uploads\/2023\/10\/cropped-EnseignementReligieux.png\" title=\"cropped-EnseignementReligieux.png\" alt=\"\"> <div  data-type=\"column\" class=\"col-padding-small col-padding-small-xs description-container\"> <h4  class=\"font-500\">Cat\u00e9chisme<\/h4> <p  class=\"\">Programme d\u2019enseignement religieux qui vise \u00e0 enseigner les fondements de la foi chr\u00e9tienne, les sacrements, la pri\u00e8re et la vie chr\u00e9tienne.<\/p><\/div> <div  data-type=\"column\" class=\"col-padding-small col-padding-small-xs read-more-container\"><a class=\"read-more\" href=\"#\" target=\"_self\" data-cp-link=\"1\" rel=\"noopener\">PLUS<\/a><\/div> <\/div><\/div> <div  class=\"col-xs-12 col-sm-6 col-md-4\"><div  class=\"card no-padding bordered y-move\"> <img  decoding=\"async\" class=\"face\" src=\"http:\/\/labonnenouvelle-valdeleure.fr\/wp-content\/uploads\/2023\/10\/cropped-Aumonerie-scaled-1.jpg\" title=\"Aumonerie\" alt=\"\"> <div  data-type=\"column\" class=\"col-padding-small col-padding-small-xs description-container\"> <h4  class=\"font-500\">Aum\u00f4nerie<\/h4> <p  class=\"\">Groupe de jeunes qui se r\u00e9unit r\u00e9guli\u00e8rement pour discuter de questions religieuses et sociales.<\/p><\/div> <div  data-type=\"column\" class=\"col-padding-small col-padding-small-xs read-more-container\"><a class=\"read-more\" href=\"#\" target=\"_self\" data-cp-link=\"1\" rel=\"noopener\">PLUS<\/a><\/div> <\/div><\/div> <\/div><\/div> <\/div><div  data-label=\"Features\" data-id=\"features--2\" data-export-id=\"features-16-card-bordered\" data-category=\"features\" class=\"features-16-card-bordered content-section content-section-spacing\" id=\"features-2\" style=\"background-color: rgb(245, 250, 253);\"><div  class=\"gridContainer\"> <div  class=\"row text-center\"><div  class=\"section-title-col\" data-type=\"column\">  <\/div> <\/div> <div  class=\"row spaced-cols center-sm\" data-type=\"row\"> <div  class=\"col-xs-12 col-sm-6 col-md-4\"> <div  class=\"card no-padding bordered y-move\"> <img  decoding=\"async\" class=\"face\" src=\"http:\/\/labonnenouvelle-valdeleure.fr\/wp-content\/uploads\/2023\/10\/cropped-ServantsAutel.png\" title=\"cropped-ServantsAutel.png\" alt=\"\"> <div  data-type=\"column\" class=\"col-padding-small col-padding-small-xs description-container\"> <h4  class=\"font-500\">Servants d\u2019autel<\/h4> <p  class=\"\">Assistent le pr\u00eatre pendant la messe. Ils portent les v\u00eatements liturgiques, allument les bougies, portent les objets sacr\u00e9s et aident le pr\u00eatre \u00e0 pr\u00e9parer l\u2019autel.<\/p><\/div> <div  data-type=\"column\" class=\"col-padding-small col-padding-small-xs read-more-container\"><a class=\"read-more\" href=\"#\" target=\"_self\" data-cp-link=\"1\" rel=\"noopener\">PLUS<\/a><\/div> <\/div><\/div> <div  class=\"col-xs-12 col-sm-6 col-md-4\"><div  class=\"card no-padding bordered y-move\"> <img  decoding=\"async\" class=\"face\" src=\"http:\/\/labonnenouvelle-valdeleure.fr\/wp-content\/uploads\/2023\/10\/cropped-MouvementsJeunes.png\" title=\"cropped-MouvementsJeunes.png\" alt=\"\"> <div  data-type=\"column\" class=\"col-padding-small col-padding-small-xs description-container\"> <h4  class=\"font-500\">Mouvements des jeunes<\/h4> <p  class=\"\">Organisent des \u00e9v\u00e9nements tels que des congr\u00e8s, des p\u00e8lerinages et des retraites pour adolescents. C\u2019est une fa\u00e7on de s\u2019engager dans l\u2019\u00c9glise catholique et de rencontrer d\u2019autres jeunes partageant leur foi.<\/p><\/div> <div  data-type=\"column\" class=\"col-padding-small col-padding-small-xs read-more-container\"><a class=\"read-more\" href=\"#\" target=\"_self\" data-cp-link=\"1\" rel=\"noopener\">PLUS<\/a><\/div> <\/div><\/div> <div  class=\"col-xs-12 col-sm-6 col-md-4\"><div  class=\"card no-padding bordered y-move\"> <img  decoding=\"async\" class=\"face\" src=\"http:\/\/labonnenouvelle-valdeleure.fr\/wp-content\/uploads\/2023\/10\/cropped-EnseignementCatho.png\" title=\"cropped-EnseignementCatho.png\" alt=\"\"> <div  data-type=\"column\" class=\"col-padding-small col-padding-small-xs description-container\"> <h4  class=\"font-500\">Enseignement catholique<\/h4> <p  class=\"\">Syst\u00e8me \u00e9ducatif qui int\u00e8gre la foi catholique dans l\u2019enseignement scolaire. Il&nbsp; comprend des \u00e9coles primaires, secondaires et sup\u00e9rieures.<\/p><\/div> <div  data-type=\"column\" class=\"col-padding-small col-padding-small-xs read-more-container\"><a class=\"read-more\" href=\"#\" target=\"_self\" data-cp-link=\"1\" rel=\"noopener\">PLUS<\/a><\/div> <\/div><\/div> <\/div><\/div> <\/div><div  data-label=\"Features\" data-id=\"features--3\" data-export-id=\"features-16\" data-category=\"features\" class=\"features-16 content-section content-section-spacing\" id=\"features-3\" style=\"background-color: rgb(255, 255, 255);\"><div  class=\"gridContainer\"> <div  class=\"row text-center\"><div  class=\"section-title-col\" data-type=\"column\">  <\/div> <\/div> <div  class=\"row spaced-cols center-sm\" data-type=\"row\"> <div  class=\"col-xs-12 col-sm-6 col-md-4 space-bottom\"> <img  decoding=\"async\" class=\"face\" src=\"http:\/\/labonnenouvelle-valdeleure.fr\/wp-content\/uploads\/2023\/10\/cropped-Priere.png\" title=\"cropped-Priere.png\" alt=\"\"> <div  data-type=\"column\" class=\"col-padding-small col-padding-small-xs description-container\"> <h4  class=\"font-500\">Pri\u00e8re pour les vocations<\/h4> <p  class=\"\">Pri\u00e8re destin\u00e9e \u00e0 demander \u00e0 Dieu de guider les jeunes dans leur choix de vie.<\/p> <a class=\"read-more\" href=\"#\" target=\"_self\" data-cp-link=\"1\" rel=\"noopener\">PLUS<\/a><\/div> <\/div>  <\/div> <\/div><\/div>","protected":false},"excerpt":{"rendered":"<p>Enfants et Jeunes Laissez les enfants venir \u00e0 moi, &#8230;, car le royaume de Dieu est \u00e0 ceux qui leur ressemblent. (Mathieu 19,14) Eveil \u00e0 la foi Programme destin\u00e9 aux&hellip; <br \/> <a class=\"read-more\" href=\"https:\/\/labonnenouvelle-valdeleure.fr\/index.php\/enfants-et-jeunes\/\">Lire la suite<\/a><\/p>\n","protected":false},"author":1,"featured_media":0,"parent":0,"menu_order":0,"comment_status":"closed","ping_status":"closed","template":"pro\/page-templates\/full-width-homepage-header.php","meta":{"_monsterinsights_skip_tracking":false,"_monsterinsights_sitenote_active":false,"_monsterinsights_sitenote_note":"","_monsterinsights_sitenote_category":0,"_price":"","_stock":"","_tribe_ticket_header":"","_tribe_default_ticket_provider":"","_ticket_start_date":"","_ticket_end_date":"","_tribe_ticket_show_description":"","_tribe_ticket_show_not_going":false,"_tribe_ticket_use_global_stock":"","_tribe_ticket_global_stock_level":"","_global_stock_mode":"","_global_stock_cap":"","_tribe_rsvp_for_event":"","_tribe_ticket_going_count":"","_tribe_ticket_not_going_count":"","_tribe_tickets_list":"[]","_tribe_ticket_has_attendee_info_fields":false,"_EventAllDay":false,"_EventTimezone":"","_EventStartDate":"","_EventEndDate":"","_EventStartDateUTC":"","_EventEndDateUTC":"","_EventShowMap":false,"_EventShowMapLink":false,"_EventURL":"","_EventCost":"","_EventCostDescription":"","_EventCurrencySymbol":"","_EventCurrencyCode":"","_EventCurrencyPosition":"","_EventDateTimeSeparator":"","_EventTimeRangeSeparator":"","_EventOrganizerID":[],"_EventVenueID":[],"_OrganizerEmail":"","_OrganizerPhone":"","_OrganizerWebsite":"","_VenueAddress":"","_VenueCity":"","_VenueCountry":"","_VenueProvince":"","_VenueState":"","_VenueZip":"","_VenuePhone":"","_VenueURL":"","_VenueStateProvince":"","_VenueLat":"","_VenueLng":"","_VenueShowMap":false,"_VenueShowMapLink":false,"footnotes":"","_tec_slr_enabled":"","_tec_slr_layout":""},"class_list":["post-20","page","type-page","status-publish","hentry"],"aioseo_notices":[],"ticketed":false,"_links":{"self":[{"href":"https:\/\/labonnenouvelle-valdeleure.fr\/index.php\/wp-json\/wp\/v2\/pages\/20","targetHints":{"allow":["GET"]}}],"collection":[{"href":"https:\/\/labonnenouvelle-valdeleure.fr\/index.php\/wp-json\/wp\/v2\/pages"}],"about":[{"href":"https:\/\/labonnenouvelle-valdeleure.fr\/index.php\/wp-json\/wp\/v2\/types\/page"}],"author":[{"embeddable":true,"href":"https:\/\/labonnenouvelle-valdeleure.fr\/index.php\/wp-json\/wp\/v2\/users\/1"}],"replies":[{"embeddable":true,"href":"https:\/\/labonnenouvelle-valdeleure.fr\/index.php\/wp-json\/wp\/v2\/comments?post=20"}],"version-history":[{"count":14,"href":"https:\/\/labonnenouvelle-valdeleure.fr\/index.php\/wp-json\/wp\/v2\/pages\/20\/revisions"}],"predecessor-version":[{"id":859,"href":"https:\/\/labonnenouvelle-valdeleure.fr\/index.php\/wp-json\/wp\/v2\/pages\/20\/revisions\/859"}],"wp:attachment":[{"href":"https:\/\/labonnenouvelle-valdeleure.fr\/index.php\/wp-json\/wp\/v2\/media?parent=20"}],"curies":[{"name":"wp","href":"https:\/\/api.w.org\/{rel}","templated":true}]}}