{"id":19,"date":"2023-10-07T11:44:22","date_gmt":"2023-10-07T09:44:22","guid":{"rendered":"https:\/\/labonnenouvelle-valdeleure.fr\/?page_id=19"},"modified":"2024-02-02T10:44:09","modified_gmt":"2024-02-02T09:44:09","slug":"liturgie-et-sacrements","status":"publish","type":"page","link":"https:\/\/labonnenouvelle-valdeleure.fr\/index.php\/liturgie-et-sacrements\/","title":{"rendered":"Liturgie et Sacrements"},"content":{"rendered":"<div  data-label=\"Features\" data-id=\"features--1\" data-export-id=\"features-16-card-bordered-colored\" data-category=\"features\" class=\"features-16-card-bordered-colored content-section content-section-spacing content-relative\" id=\"features-1\" style=\"background-color: rgb(245, 250, 253);\"><div  class=\"gridContainer\"> <div  class=\"row text-center\"><div  class=\"section-title-col\" data-type=\"column\"> <h2  class=\"\">Liturgie et Sacrements<\/h2> <p  class=\"lead\"><span  style=\"font-weight: 700;\">\u2026, devenez mes disciples, car je suis doux et humble de coeur, \u2026 (Mathieu 11, 29)<\/span><\/p><\/div> <\/div> <div  class=\"row spaced-cols center-sm\" data-type=\"row\">  <div  class=\"col-xs-12 col-sm-6 col-md-4\"><div  class=\"card no-padding bottom-border-color1\"> <img  decoding=\"async\" class=\"face\" src=\"http:\/\/labonnenouvelle-valdeleure.fr\/wp-content\/uploads\/2023\/10\/Liturgie.png\" title=\"Liturgie\" alt=\"\"> <div  data-type=\"column\" class=\"col-padding-small col-padding-small-xs description-container\"> <h4  class=\"font-500 color1\">LITURGIE<\/h4> <p  class=\"\">Ensemble de c\u00e9r\u00e9monies et de rites religieux qui sont pratiqu\u00e9s dans l\u2019\u00e9glise. Elle est consid\u00e9r\u00e9e comme un moyen de communiquer avec Dieu et de c\u00e9l\u00e9brer la foi.\n<br ><br >\n<\/p><\/div> <div  data-type=\"column\" class=\"col-padding-small col-padding-small-xs read-more-container\"><a class=\"read-more\" href=\"https:\/\/labonnenouvelle-valdeleure.fr\/index.php\/liturgie-et-sacrements\" target=\"_self\" data-cp-link=\"1\" rel=\"noopener\">PLUS<\/a><\/div> <\/div><\/div> <div  class=\"col-xs-12 col-sm-6 col-md-4\"><div  class=\"card no-padding bottom-border-color1\"> <img  decoding=\"async\" class=\"face\" src=\"http:\/\/labonnenouvelle-valdeleure.fr\/wp-content\/uploads\/2023\/10\/Sacrements.png\" title=\"Sacrements\" alt=\"\"> <div  data-type=\"column\" class=\"col-padding-small col-padding-small-xs description-container\"> <h4  class=\"font-500 color1\">SACREMENTS<\/h4> <p  class=\"\">C\u00e9r\u00e9monies religieuses qui sont pratiqu\u00e9es dans l\u2019\u00e9glise catholique. Ils sont consid\u00e9r\u00e9s comme des signes visibles de la gr\u00e2ce de Dieu et sont au nombre de 7.<br >\nIls sont divis\u00e9s en trois cat\u00e9gories : les sacrements de l\u2019initiation chr\u00e9tienne, les sacrements de gu\u00e9rison et les sacrements au service de la mission des chr\u00e9tiens<\/p><\/div> <div  data-type=\"column\" class=\"col-padding-small col-padding-small-xs read-more-container\"><a class=\"read-more\" href=\"https:\/\/labonnenouvelle-valdeleure.fr\/index.php\/les-7-sacrements\" target=\"_self\" data-cp-link=\"1\" rel=\"noopener\">PLUS<\/a><\/div> <\/div><\/div> <\/div><\/div> <\/div>","protected":false},"excerpt":{"rendered":"<p>Liturgie et Sacrements \u2026, devenez mes disciples, car je suis doux et humble de coeur, \u2026 (Mathieu 11, 29) LITURGIE Ensemble de c\u00e9r\u00e9monies et de rites religieux qui sont pratiqu\u00e9s&hellip; <br \/> <a class=\"read-more\" href=\"https:\/\/labonnenouvelle-valdeleure.fr\/index.php\/liturgie-et-sacrements\/\">Lire la suite<\/a><\/p>\n","protected":false},"author":1,"featured_media":0,"parent":0,"menu_order":0,"comment_status":"closed","ping_status":"closed","template":"pro\/page-templates\/full-width-homepage-header.php","meta":{"_monsterinsights_skip_tracking":false,"_monsterinsights_sitenote_active":false,"_monsterinsights_sitenote_note":"","_monsterinsights_sitenote_category":0,"_price":"","_stock":"","_tribe_ticket_header":"","_tribe_default_ticket_provider":"","_ticket_start_date":"","_ticket_end_date":"","_tribe_ticket_show_description":"","_tribe_ticket_show_not_going":false,"_tribe_ticket_use_global_stock":"","_tribe_ticket_global_stock_level":"","_global_stock_mode":"","_global_stock_cap":"","_tribe_rsvp_for_event":"","_tribe_ticket_going_count":"","_tribe_ticket_not_going_count":"","_tribe_tickets_list":"[]","_tribe_ticket_has_attendee_info_fields":false,"_EventAllDay":false,"_EventTimezone":"","_EventStartDate":"","_EventEndDate":"","_EventStartDateUTC":"","_EventEndDateUTC":"","_EventShowMap":false,"_EventShowMapLink":false,"_EventURL":"","_EventCost":"","_EventCostDescription":"","_EventCurrencySymbol":"","_EventCurrencyCode":"","_EventCurrencyPosition":"","_EventDateTimeSeparator":"","_EventTimeRangeSeparator":"","_EventOrganizerID":[],"_EventVenueID":[],"_OrganizerEmail":"","_OrganizerPhone":"","_OrganizerWebsite":"","_VenueAddress":"","_VenueCity":"","_VenueCountry":"","_VenueProvince":"","_VenueState":"","_VenueZip":"","_VenuePhone":"","_VenueURL":"","_VenueStateProvince":"","_VenueLat":"","_VenueLng":"","_VenueShowMap":false,"_VenueShowMapLink":false,"footnotes":"","_tec_slr_enabled":"","_tec_slr_layout":""},"class_list":["post-19","page","type-page","status-publish","hentry"],"aioseo_notices":[],"ticketed":false,"_links":{"self":[{"href":"https:\/\/labonnenouvelle-valdeleure.fr\/index.php\/wp-json\/wp\/v2\/pages\/19","targetHints":{"allow":["GET"]}}],"collection":[{"href":"https:\/\/labonnenouvelle-valdeleure.fr\/index.php\/wp-json\/wp\/v2\/pages"}],"about":[{"href":"https:\/\/labonnenouvelle-valdeleure.fr\/index.php\/wp-json\/wp\/v2\/types\/page"}],"author":[{"embeddable":true,"href":"https:\/\/labonnenouvelle-valdeleure.fr\/index.php\/wp-json\/wp\/v2\/users\/1"}],"replies":[{"embeddable":true,"href":"https:\/\/labonnenouvelle-valdeleure.fr\/index.php\/wp-json\/wp\/v2\/comments?post=19"}],"version-history":[{"count":11,"href":"https:\/\/labonnenouvelle-valdeleure.fr\/index.php\/wp-json\/wp\/v2\/pages\/19\/revisions"}],"predecessor-version":[{"id":847,"href":"https:\/\/labonnenouvelle-valdeleure.fr\/index.php\/wp-json\/wp\/v2\/pages\/19\/revisions\/847"}],"wp:attachment":[{"href":"https:\/\/labonnenouvelle-valdeleure.fr\/index.php\/wp-json\/wp\/v2\/media?parent=19"}],"curies":[{"name":"wp","href":"https:\/\/api.w.org\/{rel}","templated":true}]}}