{"id":18,"date":"2023-10-07T11:44:22","date_gmt":"2023-10-07T09:44:22","guid":{"rendered":"https:\/\/labonnenouvelle-valdeleure.fr\/?page_id=18"},"modified":"2024-02-02T10:46:37","modified_gmt":"2024-02-02T09:46:37","slug":"organisation","status":"publish","type":"page","link":"https:\/\/labonnenouvelle-valdeleure.fr\/index.php\/organisation\/","title":{"rendered":"Organisation"},"content":{"rendered":"<div  data-label=\"Features\" data-id=\"features--5\" data-export-id=\"features-16-card-bordered\" data-category=\"features\" class=\"features-16-card-bordered content-section content-section-spacing content-relative\" id=\"features-5\" style=\"background-color: rgb(255, 255, 255);\"><div  class=\"gridContainer\"> <div  class=\"row text-center\"><div  class=\"section-title-col\" data-type=\"column\"> <h2  class=\"\">Organisation<\/h2> <p  class=\"lead\"><span style=\"font-weight: 700;\" >Allez \u00e0 ma vigne, vous aussi. (Mathieu 20, 7b)<\/span><\/p><\/div> <\/div> <div  class=\"row spaced-cols center-sm\" data-type=\"row\"> <div  class=\"col-xs-12 col-sm-6 col-md-4\"> <div  class=\"card no-padding bordered y-move\"> <img  decoding=\"async\" class=\"face\" src=\"http:\/\/labonnenouvelle-valdeleure.fr\/wp-content\/uploads\/2023\/10\/cropped-Pretres.png\" title=\"cropped-Pretres.png\" alt=\"\"> <div  data-type=\"column\" class=\"col-padding-small col-padding-small-xs description-container\"> <h4  class=\"font-500\">Pr\u00eatres et diacres<\/h4> <p  class=\"\">Ils sont l\u00e0 pour guider les fid\u00e8les, c\u00e9l\u00e9brer les sacrements et apporter un soutien spirituel \u00e0 la communaut\u00e9.<\/p><\/div> <div  data-type=\"column\" class=\"col-padding-small col-padding-small-xs read-more-container\"><a class=\"read-more\" href=\"https:\/\/labonnenouvelle-valdeleure.fr?p=351&amp;preview=true\" target=\"_self\" data-cp-link=\"1\" rel=\"noopener\">PLUS<\/a><\/div> <\/div><\/div> <div  class=\"col-xs-12 col-sm-6 col-md-4\"><div  class=\"card no-padding bordered y-move\"> <img  decoding=\"async\" class=\"face\" src=\"http:\/\/labonnenouvelle-valdeleure.fr\/wp-content\/uploads\/2023\/10\/cropped-ServicesEglise.png\" title=\"cropped-ServicesEglise.png\" alt=\"\"> <div  data-type=\"column\" class=\"col-padding-small col-padding-small-xs description-container\"> <h4  class=\"font-500\">Service d\u2019\u00e9glise<\/h4> <p  class=\"\">Equipe de b\u00e9n\u00e9voles qui se consacrent \u00e0 l\u2019entretien et \u00e0 la d\u00e9coration de l\u2019\u00e9glise.<\/p><\/div> <div  data-type=\"column\" class=\"col-padding-small col-padding-small-xs read-more-container\"><a class=\"read-more\" href=\"https:\/\/labonnenouvelle-valdeleure.fr\/index.php\/2023\/11\/22\/service-deglise\" target=\"_self\" data-cp-link=\"1\" rel=\"noopener\">PLUS<\/a><\/div> <\/div><\/div> <div  class=\"col-xs-12 col-sm-6 col-md-4\"><div  class=\"card no-padding bordered y-move\"> <img  decoding=\"async\" class=\"face\" src=\"http:\/\/labonnenouvelle-valdeleure.fr\/wp-content\/uploads\/2023\/10\/cropped-ConseilParoissial.png\" title=\"cropped-ConseilParoissial.png\" alt=\"\"> <div  data-type=\"column\" class=\"col-padding-small col-padding-small-xs description-container\"> <h4  class=\"font-500\">Conseil pastoral et paroissial<\/h4> <p  class=\"\">Compos\u00e9 de membres de la communaut\u00e9 qui se r\u00e9unissent r\u00e9guli\u00e8rement pour discuter des activit\u00e9s et des besoins de la paroisse.<\/p><\/div> <div  data-type=\"column\" class=\"col-padding-small col-padding-small-xs read-more-container\"><a class=\"read-more\" href=\"https:\/\/labonnenouvelle-valdeleure.fr\/index.php\/2023\/11\/22\/equipe-pastorale-paroissiale\" target=\"_self\" data-cp-link=\"1\" rel=\"noopener\">PLUS<\/a><\/div> <\/div><\/div> <\/div><\/div> <\/div><div  data-label=\"Features\" data-id=\"features--2\" data-export-id=\"features-16-card-bordered\" data-category=\"features\" class=\"features-16-card-bordered content-section content-section-spacing\" id=\"features-2\" style=\"background-color: rgb(245, 250, 253);\"><div  class=\"gridContainer\"> <div  class=\"row text-center\"><div  class=\"section-title-col\" data-type=\"column\">  <\/div> <\/div> <div  class=\"row spaced-cols content-center-sm\" data-type=\"row\"> <div  class=\"col-xs-12 col-sm-6 col-md-4\"> <div  class=\"card no-padding bordered y-move\"> <img  decoding=\"async\" class=\"face\" src=\"http:\/\/labonnenouvelle-valdeleure.fr\/wp-content\/uploads\/2023\/10\/cropped-AffairesEconomique.png\" title=\"cropped-AffairesEconomique.png\" alt=\"\"> <div  data-type=\"column\" class=\"col-padding-small col-padding-small-xs description-container\"> <h4  class=\"font-500\">Conseil des affaires \u00e9conomiques<\/h4> <p  class=\"\">Responsable de la gestion financi\u00e8re de la paroisse. Ils veillent \u00e0 ce que les ressources soient utilis\u00e9es de mani\u00e8re responsable et transparente, en soutenant les projets pastoraux et en veillant au bon fonctionnement de l\u2019\u00e9glise.<\/p><\/div> <div  data-type=\"column\" class=\"col-padding-small col-padding-small-xs read-more-container\"><a class=\"read-more\" href=\"https:\/\/labonnenouvelle-valdeleure.fr\/index.php\/2023\/11\/22\/conseil-economique-paroissial\" target=\"_self\" data-cp-link=\"1\" rel=\"noopener\">PLUS<\/a><\/div> <\/div><\/div> <div  class=\"col-xs-12 col-sm-6 col-md-4\"><div  class=\"card no-padding bordered y-move\"> <img  decoding=\"async\" class=\"face\" src=\"http:\/\/labonnenouvelle-valdeleure.fr\/wp-content\/uploads\/2023\/10\/cropped-Mariage-1.png\" title=\"Mariage\" alt=\"\"> <div  data-type=\"column\" class=\"col-padding-small col-padding-small-xs description-container\"> <h4  class=\"font-500\">Pastorale de mariage<\/h4> <p  class=\"\">Accompagne les couples dans leur pr\u00e9paration au sacrement du mariage. Ils offrent des conseils et des ressources pour aider les futurs \u00e9poux \u00e0 construire une relation solide et \u00e9panouissante, bas\u00e9e sur les valeurs chr\u00e9tiennes.<\/p><\/div> <div  data-type=\"column\" class=\"col-padding-small col-padding-small-xs read-more-container\"><a class=\"read-more\" href=\"https:\/\/labonnenouvelle-valdeleure.fr\/index.php\/2023\/11\/22\/pastorale-du-mariage\" target=\"_self\" data-cp-link=\"1\" rel=\"noopener\">PLUS<\/a><\/div> <\/div><\/div> <div  class=\"col-xs-12 col-sm-6 col-md-4\"><div  class=\"card no-padding bordered y-move\"> <img  decoding=\"async\" class=\"face\" src=\"http:\/\/labonnenouvelle-valdeleure.fr\/wp-content\/uploads\/2023\/10\/cropped-Bapteme.png\" title=\"cropped-Bapteme.png\" alt=\"\"> <div  data-type=\"column\" class=\"col-padding-small col-padding-small-xs description-container\"> <h4  class=\"font-500\">Pastorale de bapt\u00eame<\/h4> <p  class=\"\">Charg\u00e9e d\u2019organiser les c\u00e9l\u00e9brations de bapt\u00eame et de pr\u00e9parer les parents et les parrains\/marraines \u00e0 ce sacrement. Ils expliquent le sens du bapt\u00eame et guident les familles tout au long du processus.<\/p><\/div> <div  data-type=\"column\" class=\"col-padding-small col-padding-small-xs read-more-container\"><a class=\"read-more\" href=\"https:\/\/labonnenouvelle-valdeleure.fr\/index.php\/2023\/11\/22\/pastorale-du-bapteme\" target=\"_self\" data-cp-link=\"1\" rel=\"noopener\">PLUS<\/a><\/div> <\/div><\/div> <\/div><\/div> <\/div><div  data-label=\"Features\" data-id=\"features--3\" data-export-id=\"features-16-card-bordered\" data-category=\"features\" class=\"features-16-card-bordered content-section content-section-spacing\" id=\"features-3\" style=\"background-color: rgb(255, 255, 255);\"><div  class=\"gridContainer\"> <div  class=\"row text-center\"><div  class=\"section-title-col\" data-type=\"column\">  <\/div> <\/div> <div  class=\"row spaced-cols center-sm\" data-type=\"row\"> <div  class=\"col-xs-12 col-sm-6 col-md-4\"> <div  class=\"card no-padding bordered y-move\"> <img  decoding=\"async\" class=\"face\" src=\"http:\/\/labonnenouvelle-valdeleure.fr\/wp-content\/uploads\/2023\/10\/cropped-Catechese.png\" title=\"cropped-Catechese.png\" alt=\"\"> <div  data-type=\"column\" class=\"col-padding-small col-padding-small-xs description-container\"> <h4  class=\"font-500\">Cat\u00e9ch\u00e8se<\/h4> <p  class=\"\">Vise \u00e0 transmettre la foi Chr\u00e9tienne aux croyants.<\/p><\/div> <div  data-type=\"column\" class=\"col-padding-small col-padding-small-xs read-more-container\"><a class=\"read-more\" href=\"https:\/\/labonnenouvelle-valdeleure.fr\/index.php\/2023\/11\/22\/la-catechese\" target=\"_self\" data-cp-link=\"1\" rel=\"noopener\">PLUS<\/a><\/div> <\/div><\/div> <div  class=\"col-xs-12 col-sm-6 col-md-4\"><div  class=\"card no-padding bordered y-move\"> <img  decoding=\"async\" class=\"face\" src=\"http:\/\/labonnenouvelle-valdeleure.fr\/wp-content\/uploads\/2023\/10\/cropped-Sante-1.png\" title=\"Sante\" alt=\"\"> <div  data-type=\"column\" class=\"col-padding-small col-padding-small-xs description-container\"> <h4  class=\"font-500\">Pastorale de la sant\u00e9<\/h4> <p  class=\"\">S\u2019occupe des personnes malades ou en situation de fragilit\u00e9. Ils rendent visite aux malades, les accompagnent dans leur \u00e9preuve et leur offrent un soutien spirituel. Ils organisent \u00e9galement des c\u00e9l\u00e9brations sp\u00e9ciales pour les personnes malades.<\/p><\/div> <div  data-type=\"column\" class=\"col-padding-small col-padding-small-xs read-more-container\"><a class=\"read-more\" href=\"https:\/\/labonnenouvelle-valdeleure.fr\/index.php\/2023\/11\/24\/pastorale-de-la-sante\" target=\"_self\" data-cp-link=\"1\" rel=\"noopener\">PLUS<\/a><\/div> <\/div><\/div> <div  class=\"col-xs-12 col-sm-6 col-md-4\"><div  class=\"card no-padding bordered y-move\"> <img  decoding=\"async\" class=\"face\" src=\"http:\/\/labonnenouvelle-valdeleure.fr\/wp-content\/uploads\/2023\/10\/cropped-Deuil-1.png\" title=\"Deuil\" alt=\"\"> <div  data-type=\"column\" class=\"col-padding-small col-padding-small-xs description-container\"> <h4  class=\"font-500\">Pastorale du deuil<\/h4> <p  class=\"\">Accompagne les familles endeuill\u00e9es dans leur processus de deuil. Ils offrent une \u00e9coute attentive, des pri\u00e8res et des c\u00e9l\u00e9brations pour aider les personnes en deuil \u00e0 trouver du r\u00e9confort et de l\u2019espoir.<\/p><\/div> <div  data-type=\"column\" class=\"col-padding-small col-padding-small-xs read-more-container\"><a class=\"read-more\" href=\"https:\/\/labonnenouvelle-valdeleure.fr\/index.php\/2023\/11\/22\/pastorale-du-deuil\" target=\"_self\" data-cp-link=\"1\" rel=\"noopener\">PLUS<\/a><\/div> <\/div><\/div> <\/div><\/div> <\/div><div  data-label=\"Features\" data-id=\"features--4\" data-export-id=\"features-16-card-bordered\" data-category=\"features\" class=\"features-16-card-bordered content-section content-section-spacing\" id=\"features-4\" style=\"background-color: rgb(245, 250, 253);\"><div  class=\"gridContainer\"> <div  class=\"row text-center\"><div  class=\"section-title-col\" data-type=\"column\">  <\/div> <\/div> <div  class=\"row spaced-cols center-sm\" data-type=\"row\"> <div  class=\"col-xs-12 col-sm-6 col-md-4\"> <div  class=\"card no-padding bordered y-move\"> <img  decoding=\"async\" class=\"face\" src=\"http:\/\/labonnenouvelle-valdeleure.fr\/wp-content\/uploads\/2023\/10\/cropped-Journal.png\" title=\"cropped-Journal.png\" alt=\"\"> <div  data-type=\"column\" class=\"col-padding-small col-padding-small-xs description-container\"> <h4  class=\"font-500\">Journal des vall\u00e9es<\/h4> <p  class=\"\">Bulletin paroissial qui informe les paroissiens des \u00e9v\u00e9nements \u00e0 venir, des nouvelles de la paroisse et des intentions de pri\u00e8re. Il est un moyen de communication essentiel pour maintenir la communaut\u00e9 inform\u00e9e et engag\u00e9e.<\/p><\/div> <div  data-type=\"column\" class=\"col-padding-small col-padding-small-xs read-more-container\"><a class=\"read-more\" href=\"https:\/\/labonnenouvelle-valdeleure.fr\/index.php\/2023\/11\/22\/journal-des-vallees\" target=\"_self\" data-cp-link=\"1\" rel=\"noopener\">PLUS<\/a><\/div> <\/div><\/div> <div  class=\"col-xs-12 col-sm-6 col-md-4\"><div  class=\"card no-padding bordered y-move\"> <img  decoding=\"async\" class=\"face\" src=\"http:\/\/labonnenouvelle-valdeleure.fr\/wp-content\/uploads\/2023\/10\/cropped-MondeRural.png\" title=\"cropped-MondeRural.png\" alt=\"\"> <div  data-type=\"column\" class=\"col-padding-small col-padding-small-xs description-container\"> <h4  class=\"font-500\">Mouvement d\u2019action catholique<\/h4> <p  class=\"\">Association de la\u00efcs qui cherchent \u00e0 vivre leur foi \u00e0 travers des actions concr\u00e8tes. Ils s\u2019engagent dans des projets de solidarit\u00e9, de justice sociale et de promotion de la dignit\u00e9 humaine, en accord avec les enseignements de l\u2019\u00c9glise catholique.<\/p><\/div> <div  data-type=\"column\" class=\"col-padding-small col-padding-small-xs read-more-container\"><a class=\"read-more\" href=\"https:\/\/labonnenouvelle-valdeleure.fr\/index.php\/2023\/11\/22\/mouvements-daction-catholique\" target=\"_self\" data-cp-link=\"1\" rel=\"noopener\">PLUS<\/a><\/div> <\/div><\/div>  <\/div><\/div> <\/div>","protected":false},"excerpt":{"rendered":"<p>Organisation Allez \u00e0 ma vigne, vous aussi. (Mathieu 20, 7b) Pr\u00eatres et diacres Ils sont l\u00e0 pour guider les fid\u00e8les, c\u00e9l\u00e9brer les sacrements et apporter un soutien spirituel \u00e0 la&hellip; <br \/> <a class=\"read-more\" href=\"https:\/\/labonnenouvelle-valdeleure.fr\/index.php\/organisation\/\">Lire la suite<\/a><\/p>\n","protected":false},"author":1,"featured_media":0,"parent":0,"menu_order":0,"comment_status":"closed","ping_status":"closed","template":"pro\/page-templates\/full-width-homepage-header.php","meta":{"_monsterinsights_skip_tracking":false,"_monsterinsights_sitenote_active":false,"_monsterinsights_sitenote_note":"","_monsterinsights_sitenote_category":0,"_price":"","_stock":"","_tribe_ticket_header":"","_tribe_default_ticket_provider":"","_ticket_start_date":"","_ticket_end_date":"","_tribe_ticket_show_description":"","_tribe_ticket_show_not_going":false,"_tribe_ticket_use_global_stock":"","_tribe_ticket_global_stock_level":"","_global_stock_mode":"","_global_stock_cap":"","_tribe_rsvp_for_event":"","_tribe_ticket_going_count":"","_tribe_ticket_not_going_count":"","_tribe_tickets_list":"[]","_tribe_ticket_has_attendee_info_fields":false,"_EventAllDay":false,"_EventTimezone":"","_EventStartDate":"","_EventEndDate":"","_EventStartDateUTC":"","_EventEndDateUTC":"","_EventShowMap":false,"_EventShowMapLink":false,"_EventURL":"","_EventCost":"","_EventCostDescription":"","_EventCurrencySymbol":"","_EventCurrencyCode":"","_EventCurrencyPosition":"","_EventDateTimeSeparator":"","_EventTimeRangeSeparator":"","_EventOrganizerID":[],"_EventVenueID":[],"_OrganizerEmail":"","_OrganizerPhone":"","_OrganizerWebsite":"","_VenueAddress":"","_VenueCity":"","_VenueCountry":"","_VenueProvince":"","_VenueState":"","_VenueZip":"","_VenuePhone":"","_VenueURL":"","_VenueStateProvince":"","_VenueLat":"","_VenueLng":"","_VenueShowMap":false,"_VenueShowMapLink":false,"footnotes":"","_tec_slr_enabled":"","_tec_slr_layout":""},"class_list":["post-18","page","type-page","status-publish","hentry"],"aioseo_notices":[],"ticketed":false,"_links":{"self":[{"href":"https:\/\/labonnenouvelle-valdeleure.fr\/index.php\/wp-json\/wp\/v2\/pages\/18","targetHints":{"allow":["GET"]}}],"collection":[{"href":"https:\/\/labonnenouvelle-valdeleure.fr\/index.php\/wp-json\/wp\/v2\/pages"}],"about":[{"href":"https:\/\/labonnenouvelle-valdeleure.fr\/index.php\/wp-json\/wp\/v2\/types\/page"}],"author":[{"embeddable":true,"href":"https:\/\/labonnenouvelle-valdeleure.fr\/index.php\/wp-json\/wp\/v2\/users\/1"}],"replies":[{"embeddable":true,"href":"https:\/\/labonnenouvelle-valdeleure.fr\/index.php\/wp-json\/wp\/v2\/comments?post=18"}],"version-history":[{"count":35,"href":"https:\/\/labonnenouvelle-valdeleure.fr\/index.php\/wp-json\/wp\/v2\/pages\/18\/revisions"}],"predecessor-version":[{"id":849,"href":"https:\/\/labonnenouvelle-valdeleure.fr\/index.php\/wp-json\/wp\/v2\/pages\/18\/revisions\/849"}],"wp:attachment":[{"href":"https:\/\/labonnenouvelle-valdeleure.fr\/index.php\/wp-json\/wp\/v2\/media?parent=18"}],"curies":[{"name":"wp","href":"https:\/\/api.w.org\/{rel}","templated":true}]}}